{"id":2726,"date":"2021-06-28T07:28:57","date_gmt":"2021-06-28T07:28:57","guid":{"rendered":"https:\/\/granada.fesofiabarat.es\/?page_id=2726"},"modified":"2022-01-07T20:29:55","modified_gmt":"2022-01-07T20:29:55","slug":"nueva","status":"publish","type":"page","link":"https:\/\/granada.fesofiabarat.es\/?page_id=2726","title":{"rendered":"Nuestras estrellas"},"content":{"rendered":"<h1>\n<h1 style=\"text-align: center;\">Nuestras Estrellas<\/h1>\n<\/h1>\n<div>\n<p>        <img decoding=\"async\" src=\"\/wp-content\/uploads\/2021\/09\/Bele%CC%81n-Bernier-Beca-Deportiva-EEUU.png\" alt=\"\"><\/p>\n<h3>Bel\u00e9n Bernier<\/h3>\n<div>\n<h4 style=\"text-align: left;\"><span><strong>Junio 2021<\/strong><\/span><\/h4>\n<p style=\"text-align: left;\"><span>La alumna <strong>Bel\u00e9n Bernier<\/strong>, graduada en Bachillerato en el curso 20\/21, continuar\u00e1 su formaci\u00f3n en la Universidad americana <a href=\"https:\/\/www.swcciowa.edu\">Southwestern Community College<\/a>. Su buen nivel acad\u00e9mico y sus dotes deportivas le han conducido a este gran logro. Como integrante del mejor equipo Junior de Granada tendr\u00e1 la oportunidad de seguir jugando al baloncesto mientras cursa estudios superiores en EEUU. Es todo un orgullo. Enhorabuena.<\/span><\/p>\n<\/div>\n<\/div>\n<div>\n<p>        <img decoding=\"async\" src=\"\/wp-content\/uploads\/2021\/11\/Lucas-Gutie%CC%81rrez-Campeo%CC%81n-Atletismo.png\" alt=\"\"><\/p>\n<h3>Lucas Guti\u00e9rrez<\/h3>\n<div>\n<h4 style=\"text-align: left;\"><span><strong>Octubre 2021<\/strong><\/span><\/h4>\n<p style=\"text-align: left;\"><span>El alumno de 4\u00ba ESO, <strong>Lucas Guti\u00e9rrez Munuera<\/strong>, contin\u00faa cosechando \u00e9xitos y demostrando su extraordinaria condici\u00f3n de atleta. Sigue sumando medallas a un palmar\u00e9s que, a pesar de su juventud, alcanza cotas de todo un campe\u00f3n experimentado. En las \u00faltimas semanas ha tenido ocasi\u00f3n, junto a la Selecci\u00f3n Andaluza (categor\u00eda sub-16), de alzarse con el Campeonato de Espa\u00f1a (celebrado en Cuenca) y el Subcampeonato de Espa\u00f1a (celebrado en Madrid) en la prueba de relevos. y por otro lado, en las pruebas de relevos y salto de longitud, con el Campeonato de Espa\u00f1a por clubes (con el Club Nerja Atletismo). \u00a1Celebramos sus triunfos! <\/span>Nuestras felicitaciones m\u00e1s cari\u00f1osas para un joven ejemplar y un grande del deporte.<\/p>\n<\/div>\n<\/div>\n<div>\n<p>        <img decoding=\"async\" src=\"\/wp-content\/uploads\/2022\/01\/Elena-Pe%CC%81rez-Corvera-Campeona-Tiro.png\" alt=\"\"><\/p>\n<h3>Elena P\u00e9rez-Corvera<\/h3>\n<div>\n<h4 style=\"text-align: left;\"><span><strong>Noviembre 2021<\/strong><\/span><\/h4>\n<p style=\"text-align: left;\"><span>La alumna de 2\u00ba Bachillerato, <strong>Elena P\u00e9rez-Corvera Capelli<\/strong>, en un alarde de maestr\u00eda y excelencia, conquista el Campeonato de Espa\u00f1a en Tiro Ol\u00edmpico de larga distancia. El torneo tuvo lugar el pasado 31 de octubre en Las Gabias (Granada). La meritoria medalla de oro, que Elena suma a sus trofeos como testimonio de un imparable y victorioso crecimiento en este deporte, corresponde a la modalidad F-Class (100 metros), dentro de la categor\u00eda de Equipos de Club Open. <\/span><span>\u00a1Felicidades! Es un privilegio ser testigos de \u00e9xitos que premian el trabajo y la perseverancia.<\/span><\/p>\n<\/div>\n<\/div>\n<p><!--more--><br \/>\n<!-- {\"type\":\"layout\",\"children\":[{\"type\":\"section\",\"props\":{\"style\":\"default\",\"width\":\"default\",\"vertical_align\":\"middle\",\"title_position\":\"top-left\",\"title_rotation\":\"left\",\"title_breakpoint\":\"xl\",\"image_position\":\"center-center\"},\"children\":[{\"type\":\"row\",\"children\":[{\"type\":\"column\",\"props\":{\"image_position\":\"center-center\",\"media_overlay_gradient\":\"\"},\"children\":[{\"type\":\"headline\",\"props\":{\"title_element\":\"h1\",\"content\":\"\n\n<h1 style=\\\"text-align: center;\\\">Nuestras Estrellas<\\\/h1>\"}}]}]}]},{\"type\":\"section\",\"props\":{\"style\":\"default\",\"width\":\"default\",\"vertical_align\":\"middle\",\"title_position\":\"top-left\",\"title_rotation\":\"left\",\"title_breakpoint\":\"xl\",\"image_position\":\"center-center\",\"animation\":\"scale-down\"},\"children\":[{\"type\":\"row\",\"props\":{\"layout\":\"1-4,1-4,1-4,1-4|1-2,1-2,1-2,1-2\",\"column_gap\":\"large\"},\"children\":[{\"type\":\"column\",\"props\":{\"image_position\":\"center-center\",\"media_overlay_gradient\":\"\",\"width_medium\":\"1-4\",\"width_small\":\"1-2\"},\"children\":[{\"type\":\"panel\",\"props\":{\"link_text\":\"Read more\",\"title_hover_style\":\"reset\",\"title_element\":\"h3\",\"title_align\":\"top\",\"title_grid_width\":\"1-2\",\"title_grid_breakpoint\":\"m\",\"meta_style\":\"meta\",\"meta_align\":\"below-title\",\"meta_element\":\"div\",\"content_column_breakpoint\":\"m\",\"icon_width\":80,\"image_align\":\"top\",\"image_grid_width\":\"1-2\",\"image_grid_breakpoint\":\"m\",\"image_svg_color\":\"emphasis\",\"link_style\":\"default\",\"margin\":\"default\",\"title\":\"Bel\\u00e9n Bernier\",\"content\":\"\n\n<h4 style=\\\"text-align: left;\\\"><span><strong>Junio 2021<\\\/strong><\\\/span><\\\/h4>\\n\n\n<p style=\\\"text-align: left;\\\"><span>La alumna <strong>Bel\\u00e9n Bernier<\\\/strong>, graduada en Bachillerato en el curso 20\\\/21, continuar\\u00e1 su formaci\\u00f3n en la Universidad americana <a href=\\\"https:\\\/\\\/www.swcciowa.edu\\\">Southwestern Community College<\\\/a>. Su buen nivel acad\\u00e9mico y sus dotes deportivas le han conducido a este gran logro. Como integrante del mejor equipo Junior de Granada tendr\\u00e1 la oportunidad de seguir jugando al baloncesto mientras cursa estudios superiores en EEUU. Es todo un orgullo. Enhorabuena.<\\\/span><\\\/p>\",\"title_color\":\"emphasis\",\"title_decoration\":\"divider\",\"title_style\":\"heading-small\",\"image\":\"wp-content\\\/uploads\\\/2021\\\/09\\\/Bele\\u0301n-Bernier-Beca-Deportiva-EEUU.png\",\"image_box_shadow\":\"medium\"}}]},{\"type\":\"column\",\"props\":{\"image_position\":\"center-center\",\"media_overlay_gradient\":\"\",\"width_medium\":\"1-4\",\"width_small\":\"1-2\"},\"children\":[{\"type\":\"panel\",\"props\":{\"link_text\":\"Read more\",\"title_hover_style\":\"reset\",\"title_element\":\"h3\",\"title_align\":\"top\",\"title_grid_width\":\"1-2\",\"title_grid_breakpoint\":\"m\",\"meta_style\":\"meta\",\"meta_align\":\"below-title\",\"meta_element\":\"div\",\"content_column_breakpoint\":\"m\",\"icon_width\":80,\"image_align\":\"top\",\"image_grid_width\":\"1-2\",\"image_grid_breakpoint\":\"m\",\"image_svg_color\":\"emphasis\",\"link_style\":\"default\",\"margin\":\"default\",\"content\":\"\n\n<h4 style=\\\"text-align: left;\\\"><span><strong>Octubre 2021<\\\/strong><\\\/span><\\\/h4>\\n\n\n<p style=\\\"text-align: left;\\\"><span>El alumno de 4\\u00ba ESO, <strong>Lucas Guti\\u00e9rrez Munuera<\\\/strong>, contin\\u00faa cosechando \\u00e9xitos y demostrando su extraordinaria condici\\u00f3n de atleta. Sigue sumando medallas a un palmar\\u00e9s que, a pesar de su juventud, alcanza cotas de todo un campe\\u00f3n experimentado. En las \\u00faltimas semanas ha tenido ocasi\\u00f3n, junto a la Selecci\\u00f3n Andaluza (categor\\u00eda sub-16), de alzarse con el Campeonato de Espa\\u00f1a (celebrado en Cuenca) y el Subcampeonato de Espa\\u00f1a (celebrado en Madrid) en la prueba de relevos. y por otro lado, en las pruebas de relevos y salto de longitud, con el Campeonato de Espa\\u00f1a por clubes (con el Club Nerja Atletismo). \\u00a1Celebramos sus triunfos! <\\\/span>Nuestras felicitaciones m\\u00e1s cari\\u00f1osas para un joven ejemplar y un grande del deporte.<\\\/p>\",\"title\":\"Lucas Guti\\u00e9rrez\",\"image\":\"wp-content\\\/uploads\\\/2021\\\/11\\\/Lucas-Gutie\\u0301rrez-Campeo\\u0301n-Atletismo.png\",\"title_style\":\"heading-small\",\"title_decoration\":\"divider\",\"image_box_shadow\":\"medium\"}}]},{\"type\":\"column\",\"props\":{\"image_position\":\"center-center\",\"media_overlay_gradient\":\"\",\"width_medium\":\"1-4\",\"width_small\":\"1-2\"},\"children\":[{\"type\":\"panel\",\"props\":{\"link_text\":\"Read more\",\"title_hover_style\":\"reset\",\"title_element\":\"h3\",\"title_align\":\"top\",\"title_grid_width\":\"1-2\",\"title_grid_breakpoint\":\"m\",\"meta_style\":\"meta\",\"meta_align\":\"below-title\",\"meta_element\":\"div\",\"content_column_breakpoint\":\"m\",\"icon_width\":80,\"image_align\":\"top\",\"image_grid_width\":\"1-2\",\"image_grid_breakpoint\":\"m\",\"image_svg_color\":\"emphasis\",\"link_style\":\"default\",\"margin\":\"default\",\"title\":\"Elena P\\u00e9rez-Corvera\",\"image\":\"wp-content\\\/uploads\\\/2022\\\/01\\\/Elena-Pe\\u0301rez-Corvera-Campeona-Tiro.png\",\"title_decoration\":\"divider\",\"title_style\":\"heading-small\",\"image_box_shadow\":\"medium\",\"content\":\"\n\n<h4 style=\\\"text-align: left;\\\"><span><strong>Noviembre 2021<\\\/strong><\\\/span><\\\/h4>\\n\n\n<p style=\\\"text-align: left;\\\"><span>La alumna de 2\\u00ba Bachillerato, <strong>Elena P\\u00e9rez-Corvera Capelli<\\\/strong>, en un alarde de maestr\\u00eda y excelencia, conquista el Campeonato de Espa\\u00f1a en Tiro Ol\\u00edmpico de larga distancia. El torneo tuvo lugar el pasado 31 de octubre en Las Gabias (Granada). La meritoria medalla de oro, que Elena suma a sus trofeos como testimonio de un imparable y victorioso crecimiento en este deporte, corresponde a la modalidad F-Class (100 metros), dentro de la categor\\u00eda de Equipos de Club Open. <\\\/span><span>\\u00a1Felicidades! Es un privilegio ser testigos de \\u00e9xitos que premian el trabajo y la perseverancia.<\\\/span><\\\/p>\"}}]},{\"type\":\"column\",\"props\":{\"image_position\":\"center-center\",\"media_overlay_gradient\":\"\",\"width_medium\":\"1-4\",\"width_small\":\"1-2\"},\"children\":[]}]}]}],\"version\":\"2.5.2\"} --><\/p>\n","protected":false},"excerpt":{"rendered":"<p>Nuestras Estrellas Bel\u00e9n Bernier Junio 2021 La alumna Bel\u00e9n Bernier, graduada en Bachillerato en el curso 20\/21, continuar\u00e1 su formaci\u00f3n en la Universidad americana Southwestern Community College. Su buen nivel acad\u00e9mico y sus dotes deportivas le han conducido a este gran logro. Como integrante del mejor equipo Junior de Granada tendr\u00e1 la oportunidad de seguir [&hellip;]<\/p>\n","protected":false},"author":1,"featured_media":0,"parent":0,"menu_order":0,"comment_status":"closed","ping_status":"closed","template":"","meta":{"_seopress_robots_primary_cat":"","_seopress_titles_title":"","_seopress_titles_desc":"","_seopress_robots_index":"","footnotes":""},"class_list":["post-2726","page","type-page","status-publish","hentry"],"_links":{"self":[{"href":"https:\/\/granada.fesofiabarat.es\/index.php?rest_route=\/wp\/v2\/pages\/2726","targetHints":{"allow":["GET"]}}],"collection":[{"href":"https:\/\/granada.fesofiabarat.es\/index.php?rest_route=\/wp\/v2\/pages"}],"about":[{"href":"https:\/\/granada.fesofiabarat.es\/index.php?rest_route=\/wp\/v2\/types\/page"}],"author":[{"embeddable":true,"href":"https:\/\/granada.fesofiabarat.es\/index.php?rest_route=\/wp\/v2\/users\/1"}],"replies":[{"embeddable":true,"href":"https:\/\/granada.fesofiabarat.es\/index.php?rest_route=%2Fwp%2Fv2%2Fcomments&post=2726"}],"version-history":[{"count":8,"href":"https:\/\/granada.fesofiabarat.es\/index.php?rest_route=\/wp\/v2\/pages\/2726\/revisions"}],"predecessor-version":[{"id":3024,"href":"https:\/\/granada.fesofiabarat.es\/index.php?rest_route=\/wp\/v2\/pages\/2726\/revisions\/3024"}],"wp:attachment":[{"href":"https:\/\/granada.fesofiabarat.es\/index.php?rest_route=%2Fwp%2Fv2%2Fmedia&parent=2726"}],"curies":[{"name":"wp","href":"https:\/\/api.w.org\/{rel}","templated":true}]}}