{"id":3074,"date":"2022-01-19T23:09:42","date_gmt":"2022-01-19T23:09:42","guid":{"rendered":"https:\/\/granada.fesofiabarat.es\/?page_id=3074"},"modified":"2022-01-24T08:23:19","modified_gmt":"2022-01-24T08:23:19","slug":"pacto-educativo-global-2","status":"publish","type":"page","link":"https:\/\/granada.fesofiabarat.es\/?page_id=3074","title":{"rendered":"Pacto Educativo Global"},"content":{"rendered":"<h1>\n<h2 style=\"text-align: center;\">PACTO EDUCATIVO GLOBAL<\/h2>\n<\/h1>\n<p><a href=\"https:\/\/drive.google.com\/file\/d\/1jXw5Is8Q4CUSjDtJtGwLGXUsuwVryjhh\/view?usp=sharing\"><img decoding=\"async\" src=\"\/wp-content\/uploads\/2022\/01\/Pacto-Educativo-Global-Click-Infografi%CC%81a.png\" alt=\"\"><\/a><\/p>\n<div>\n<h3 style=\"text-align: center;\">Nuestro colegio se suma al Pacto Educativo Global<\/h3>\n<h4 style=\"text-align: center;\">Somos Iglesia y nos unimos como colegio a la invitaci\u00f3n que nos hace el Papa Francisco:<\/h4>\n<blockquote>\n<p>\u00abDialogar sobre el modo en el que estamos construyendo el futuro del planeta y sobre la necesidad de invertir los talentos de todos, porque cada cambio requiere un camino educativo que haga madurar una nueva solidaridad universal y una sociedad m\u00e1s acogedora.\u00bb<\/p>\n<\/blockquote>\n<h4 style=\"text-align: center;\">Por este motivo ha promovido la iniciativa de un Pacto Educativo Global.<\/h4>\n<blockquote>\n<p>\u00abPara reavivar el compromiso por y con las nuevas generaciones, renovando la pasi\u00f3n por una educaci\u00f3n m\u00e1s abierta e incluyente, capaz de la escucha paciente, del di\u00e1logo constructivo y de la mutua comprensi\u00f3n.\u00bb<\/p>\n<\/blockquote>\n<h4><em>Nuestro colegio, acorde con nuestro <a href=\"https:\/\/fesofiabarat.es\/caracter-propio\/\" target=\"_blank\" rel=\"noopener\">Car\u00e1cter Propio<\/a>, se une y acepta el reto del Papa, ampl\u00eda la mirada y se compromete a impulsar un trabajo conjunto con todos aquellos que comparten nuestras mismas inquietudes para transformar el mundo.<\/em><\/h4>\n<\/p>\n<\/div>\n<p><a href=\"https:\/\/www.escuelascatolicas.es\/pacto-educativo-global\/\"><img decoding=\"async\" src=\"\/wp-content\/uploads\/2022\/01\/QR-Pacto-Educativo-Global.png\" alt=\"\"><\/a><\/p>\n<p><!--more--><br \/>\n<!-- {\"type\":\"layout\",\"children\":[{\"type\":\"section\",\"props\":{\"style\":\"default\",\"width\":\"default\",\"vertical_align\":\"middle\",\"title_position\":\"top-left\",\"title_rotation\":\"left\",\"title_breakpoint\":\"xl\",\"image_position\":\"center-center\"},\"children\":[{\"type\":\"row\",\"children\":[{\"type\":\"column\",\"props\":{\"image_position\":\"center-center\",\"media_overlay_gradient\":\"\"},\"children\":[{\"type\":\"headline\",\"props\":{\"title_element\":\"h1\",\"content\":\"\n\n<h2 style=\\\"text-align: center;\\\">PACTO EDUCATIVO GLOBAL<\\\/h2>\"}},{\"type\":\"image\",\"props\":{\"margin\":\"default\",\"image_svg_color\":\"emphasis\",\"image\":\"wp-content\\\/uploads\\\/2022\\\/01\\\/Pacto-Educativo-Global-Click-Infografi\\u0301a.png\",\"maxwidth\":\"2xlarge\",\"block_align\":\"center\",\"link_target\":\"blank\",\"link\":\"https:\\\/\\\/drive.google.com\\\/file\\\/d\\\/1jXw5Is8Q4CUSjDtJtGwLGXUsuwVryjhh\\\/view?usp=sharing\"}},{\"type\":\"text\",\"props\":{\"margin\":\"default\",\"column_breakpoint\":\"m\",\"content\":\"\n\n<h3 style=\\\"text-align: center;\\\">Nuestro colegio se suma al Pacto Educativo Global<\\\/h3>\\n\n\n<h4 style=\\\"text-align: center;\\\">Somos Iglesia y nos unimos como colegio a la invitaci\\u00f3n que nos hace el Papa Francisco:<\\\/h4>\\n\n\n<blockquote>\\n\n\n<p>\\\"Dialogar sobre el modo en el que estamos construyendo el futuro del planeta y sobre la necesidad de invertir los talentos de todos, porque cada cambio requiere un camino educativo que haga madurar una nueva solidaridad universal y una sociedad m\\u00e1s acogedora.\\\"<\\\/p>\\n<\\\/blockquote>\\n\n\n<h4 style=\\\"text-align: center;\\\">Por este motivo ha promovido la iniciativa de un Pacto Educativo Global.<\\\/h4>\\n\n\n<blockquote>\\n\n\n<p>\\\"Para reavivar el compromiso por y con las nuevas generaciones, renovando la pasi\\u00f3n por una educaci\\u00f3n m\\u00e1s abierta e incluyente, capaz de la escucha paciente, del di\\u00e1logo constructivo y de la mutua comprensi\\u00f3n.\\\"<\\\/p>\\n<\\\/blockquote>\\n\n\n<h4><em>Nuestro colegio, acorde con nuestro <a href=\\\"https:\\\/\\\/fesofiabarat.es\\\/caracter-propio\\\/\\\" target=\\\"_blank\\\" rel=\\\"noopener\\\">Car\\u00e1cter Propio<\\\/a>, se une y acepta el reto del Papa, ampl\\u00eda la mirada y se compromete a impulsar un trabajo conjunto con todos aquellos que comparten nuestras mismas inquietudes para transformar el mundo.<\\\/em><\\\/h4>\\n\n\n<p><\\\/p>\\n\n\n<p><\\\/p>\"}},{\"type\":\"image\",\"props\":{\"margin\":\"default\",\"image_svg_color\":\"emphasis\",\"image\":\"wp-content\\\/uploads\\\/2022\\\/01\\\/QR-Pacto-Educativo-Global.png\",\"maxwidth\":\"large\",\"block_align\":\"center\",\"link\":\"https:\\\/\\\/www.escuelascatolicas.es\\\/pacto-educativo-global\\\/\",\"link_target\":\"blank\"}}]}]}]}],\"version\":\"2.5.2\"} --><\/p>\n","protected":false},"excerpt":{"rendered":"<p>PACTO EDUCATIVO GLOBAL Nuestro colegio se suma al Pacto Educativo Global Somos Iglesia y nos unimos como colegio a la invitaci\u00f3n que nos hace el Papa Francisco: \u00abDialogar sobre el modo en el que estamos construyendo el futuro del planeta y sobre la necesidad de invertir los talentos de todos, porque cada cambio requiere un [&hellip;]<\/p>\n","protected":false},"author":11,"featured_media":0,"parent":0,"menu_order":0,"comment_status":"closed","ping_status":"closed","template":"","meta":{"_seopress_robots_primary_cat":"","_seopress_titles_title":"","_seopress_titles_desc":"","_seopress_robots_index":"","footnotes":""},"class_list":["post-3074","page","type-page","status-publish","hentry"],"_links":{"self":[{"href":"https:\/\/granada.fesofiabarat.es\/index.php?rest_route=\/wp\/v2\/pages\/3074","targetHints":{"allow":["GET"]}}],"collection":[{"href":"https:\/\/granada.fesofiabarat.es\/index.php?rest_route=\/wp\/v2\/pages"}],"about":[{"href":"https:\/\/granada.fesofiabarat.es\/index.php?rest_route=\/wp\/v2\/types\/page"}],"author":[{"embeddable":true,"href":"https:\/\/granada.fesofiabarat.es\/index.php?rest_route=\/wp\/v2\/users\/11"}],"replies":[{"embeddable":true,"href":"https:\/\/granada.fesofiabarat.es\/index.php?rest_route=%2Fwp%2Fv2%2Fcomments&post=3074"}],"version-history":[{"count":9,"href":"https:\/\/granada.fesofiabarat.es\/index.php?rest_route=\/wp\/v2\/pages\/3074\/revisions"}],"predecessor-version":[{"id":3087,"href":"https:\/\/granada.fesofiabarat.es\/index.php?rest_route=\/wp\/v2\/pages\/3074\/revisions\/3087"}],"wp:attachment":[{"href":"https:\/\/granada.fesofiabarat.es\/index.php?rest_route=%2Fwp%2Fv2%2Fmedia&parent=3074"}],"curies":[{"name":"wp","href":"https:\/\/api.w.org\/{rel}","templated":true}]}}