{"id":6229,"date":"2024-01-25T21:20:16","date_gmt":"2024-01-25T21:20:16","guid":{"rendered":"https:\/\/granada.fesofiabarat.es\/?page_id=6229"},"modified":"2024-02-03T11:51:20","modified_gmt":"2024-02-03T11:51:20","slug":"borrador-automatico-6","status":"publish","type":"page","link":"https:\/\/granada.fesofiabarat.es\/?page_id=6229","title":{"rendered":"Borrador autom\u00e1tico"},"content":{"rendered":"<h1>Hijos e hijas de Mar\u00eda<\/h1>\n<p><img decoding=\"async\" src=\"\/wp-content\/uploads\/2024\/01\/OCT-2023-IMPOSICION-DE-MEDALLAS-ANTIGUAS-ALUMNAS-HIJAS-DE-MARIA.jpg\" alt=\"\"><br \/>\n<img decoding=\"async\" src=\"\/wp-content\/uploads\/2024\/01\/MARIA-SIEMPRE-ATENTA-A-SUS-HIJOS-E-HIJAS.jpg\" alt=\"\"><br \/>\n<img decoding=\"async\" src=\"\/wp-content\/uploads\/2024\/01\/ENERO-2024-1o-DIA-CATEQUESIS-HIJOS-E-HIJAS-2o-BACHILLERATO-Y-ANTIGUO-ALUMNADO-scaled.jpg\" alt=\"\"><\/p>\n<div>\n<p><strong>\u00bfQUIENES SOMOS LAS HIJAS E HIJOS DE MAR\u00cdA?<\/strong><br \/>&#8211; Somos un grupo de Fe y Vida.<br \/>&#8211; Nos gu\u00eda el pensamiento de Santa Magdalena Sof\u00eda.<br \/>&#8211; Bajo la mirada y protecci\u00f3n de Mater.<br \/>&#8211; En este grupo encontramos un espacio de encuentro, un viernes al mes, para el alumnado<br \/>de 2\u00ba Bachillerato en el que puedan compartir inquietudes y vivencias.<\/p>\n<p><strong>\u00bfQU\u00c9 NOS UNE?<\/strong><br \/>Iniciamos este camino como una serie de encuentros, en el que el colegio ser\u00e1 nuestro lugar<br \/>de recogimiento y un eje principal, Mar\u00eda.<br \/>Finalidad crear un v\u00ednculo como grupo, cuya semilla es Mar\u00eda y c\u00f3mo su forma de vida est\u00e1<br \/>presente en las nuestras y as\u00ed lo queremos transmitir a las personas que nos rodean con<br \/>amor e ilusi\u00f3n.<br \/>Objetivo llegaremos a dicha finalidad, a trav\u00e9s de la reflexi\u00f3n, oraci\u00f3n, compartir nuestras<br \/>vivencias, inquietudes y preocupaciones. Y sobre todo ESCUCHA<\/p>\n<\/div>\n<p><!--more--><br \/>\n<!-- {\"type\":\"layout\",\"children\":[{\"type\":\"section\",\"props\":{\"image_position\":\"center-center\",\"style\":\"default\",\"title_breakpoint\":\"xl\",\"title_position\":\"top-left\",\"title_rotation\":\"left\",\"vertical_align\":\"middle\",\"width\":\"default\"},\"children\":[{\"type\":\"row\",\"children\":[{\"type\":\"column\",\"props\":{\"image_position\":\"center-center\",\"position_sticky_breakpoint\":\"m\"},\"children\":[{\"type\":\"headline\",\"props\":{\"content\":\"Hijos e hijas de Mar\\u00eda\",\"title_color\":\"danger\",\"title_element\":\"h1\",\"title_style\":\"heading-small\"}}]}]},{\"type\":\"row\",\"props\":{\"layout\":\"1-3,1-3,1-3\"},\"children\":[{\"type\":\"column\",\"props\":{\"image_position\":\"center-center\",\"position_sticky_breakpoint\":\"m\",\"width_medium\":\"1-3\"},\"children\":[{\"type\":\"image\",\"props\":{\"image\":\"wp-content\\\/uploads\\\/2024\\\/01\\\/OCT-2023-IMPOSICION-DE-MEDALLAS-ANTIGUAS-ALUMNAS-HIJAS-DE-MARIA.jpg\",\"image_svg_color\":\"emphasis\",\"margin\":\"default\"}}]},{\"type\":\"column\",\"props\":{\"image_position\":\"center-center\",\"position_sticky_breakpoint\":\"m\",\"width_medium\":\"1-3\"},\"children\":[{\"type\":\"image\",\"props\":{\"image\":\"wp-content\\\/uploads\\\/2024\\\/01\\\/MARIA-SIEMPRE-ATENTA-A-SUS-HIJOS-E-HIJAS.jpg\",\"image_svg_color\":\"emphasis\",\"margin\":\"default\"}}]},{\"type\":\"column\",\"props\":{\"image_position\":\"center-center\",\"position_sticky_breakpoint\":\"m\",\"width_medium\":\"1-3\"},\"children\":[{\"type\":\"image\",\"props\":{\"image\":\"wp-content\\\/uploads\\\/2024\\\/01\\\/ENERO-2024-1o-DIA-CATEQUESIS-HIJOS-E-HIJAS-2o-BACHILLERATO-Y-ANTIGUO-ALUMNADO-scaled.jpg\",\"image_svg_color\":\"emphasis\",\"margin\":\"default\"}}]}]},{\"type\":\"row\",\"children\":[{\"type\":\"column\",\"props\":{\"image_position\":\"center-center\",\"position_sticky_breakpoint\":\"m\"},\"children\":[{\"type\":\"text\",\"props\":{\"column_breakpoint\":\"m\",\"content\":\"\n\n<p><strong>\\u00bfQUIENES SOMOS LAS HIJAS E HIJOS DE MAR\\u00cdA?<\\\/strong><br \\\/>- Somos un grupo de Fe y Vida.<br \\\/>- Nos gu\\u00eda el pensamiento de Santa Magdalena Sof\\u00eda.<br \\\/>- Bajo la mirada y protecci\\u00f3n de Mater.<br \\\/>- En este grupo encontramos un espacio de encuentro, un viernes al mes, para el alumnado<br \\\/>de 2\\u00ba Bachillerato en el que puedan compartir inquietudes y vivencias.<\\\/p>\\n\n\n<p><br \\\/><strong>\\u00bfQU\\u00c9 NOS UNE?<\\\/strong><br \\\/>Iniciamos este camino como una serie de encuentros, en el que el colegio ser\\u00e1 nuestro lugar<br \\\/>de recogimiento y un eje principal, Mar\\u00eda.<br \\\/>Finalidad crear un v\\u00ednculo como grupo, cuya semilla es Mar\\u00eda y c\\u00f3mo su forma de vida est\\u00e1<br \\\/>presente en las nuestras y as\\u00ed lo queremos transmitir a las personas que nos rodean con<br \\\/>amor e ilusi\\u00f3n.<br \\\/>Objetivo llegaremos a dicha finalidad, a trav\\u00e9s de la reflexi\\u00f3n, oraci\\u00f3n, compartir nuestras<br \\\/>vivencias, inquietudes y preocupaciones. Y sobre todo ESCUCHA<\\\/p>\",\"margin\":\"default\",\"text_style\":\"large\"}}]}]}]}],\"version\":\"4.2.11\"} --><\/p>\n","protected":false},"excerpt":{"rendered":"<p>Hijos e hijas de Mar\u00eda \u00bfQUIENES SOMOS LAS HIJAS E HIJOS DE MAR\u00cdA?&#8211; Somos un grupo de Fe y Vida.&#8211; Nos gu\u00eda el pensamiento de Santa Magdalena Sof\u00eda.&#8211; Bajo la mirada y protecci\u00f3n de Mater.&#8211; En este grupo encontramos un espacio de encuentro, un viernes al mes, para el alumnadode 2\u00ba Bachillerato en el que [&hellip;]<\/p>\n","protected":false},"author":13,"featured_media":0,"parent":0,"menu_order":0,"comment_status":"closed","ping_status":"closed","template":"","meta":{"_seopress_robots_primary_cat":"","_seopress_titles_title":"","_seopress_titles_desc":"","_seopress_robots_index":"","footnotes":""},"class_list":["post-6229","page","type-page","status-publish","hentry"],"_links":{"self":[{"href":"https:\/\/granada.fesofiabarat.es\/index.php?rest_route=\/wp\/v2\/pages\/6229","targetHints":{"allow":["GET"]}}],"collection":[{"href":"https:\/\/granada.fesofiabarat.es\/index.php?rest_route=\/wp\/v2\/pages"}],"about":[{"href":"https:\/\/granada.fesofiabarat.es\/index.php?rest_route=\/wp\/v2\/types\/page"}],"author":[{"embeddable":true,"href":"https:\/\/granada.fesofiabarat.es\/index.php?rest_route=\/wp\/v2\/users\/13"}],"replies":[{"embeddable":true,"href":"https:\/\/granada.fesofiabarat.es\/index.php?rest_route=%2Fwp%2Fv2%2Fcomments&post=6229"}],"version-history":[{"count":5,"href":"https:\/\/granada.fesofiabarat.es\/index.php?rest_route=\/wp\/v2\/pages\/6229\/revisions"}],"predecessor-version":[{"id":6504,"href":"https:\/\/granada.fesofiabarat.es\/index.php?rest_route=\/wp\/v2\/pages\/6229\/revisions\/6504"}],"wp:attachment":[{"href":"https:\/\/granada.fesofiabarat.es\/index.php?rest_route=%2Fwp%2Fv2%2Fmedia&parent=6229"}],"curies":[{"name":"wp","href":"https:\/\/api.w.org\/{rel}","templated":true}]}}